{"id":58,"date":"2019-07-13T11:42:09","date_gmt":"2019-07-13T11:42:09","guid":{"rendered":"http:\/\/denecke-consulting.de\/?page_id=58"},"modified":"2025-07-29T07:26:15","modified_gmt":"2025-07-29T07:26:15","slug":"vita","status":"publish","type":"page","link":"http:\/\/denecke-consulting.de\/?page_id=58","title":{"rendered":"Vita"},"content":{"rendered":"\n<figure class=\"wp-block-image size-full is-resized is-style-default\"><img loading=\"lazy\" src=\"http:\/\/denecke-consulting.de\/wp-content\/uploads\/2024\/11\/Willi_Denecke.jpg\" alt=\"\" class=\"wp-image-249\" width=\"600\" height=\"424\" srcset=\"http:\/\/denecke-consulting.de\/wp-content\/uploads\/2024\/11\/Willi_Denecke.jpg 800w, http:\/\/denecke-consulting.de\/wp-content\/uploads\/2024\/11\/Willi_Denecke-300x212.jpg 300w, http:\/\/denecke-consulting.de\/wp-content\/uploads\/2024\/11\/Willi_Denecke-768x542.jpg 768w\" sizes=\"(max-width: 600px) 100vw, 600px\" \/><\/figure>\n\n\n\n<p><span style=\"color:#87888a\" class=\"has-inline-color\"> <\/span><\/p>\n\n\n\n<p><strong>Die wichtigsten beruflichen Stationen<\/strong><\/p>\n\n\n\n<p>Nach einer handwerklichen Ausbildung, die mit Auszeichnung und als<br>Jahrgangsbester abgeschlossen wurde, erfolgte nach dem fr\u00fchen Tod<br>des Vaters und einer anschlie\u00dfend schweren Erkrankung der Mutter<br>eine neue berufliche Orientierung.<\/p>\n\n\n\n<p><strong>1971 &#8211; 1973<\/strong> Jacobs-Kaffee, Werbung und Verkaufsf\u00f6rderung,<br>direkte Beratung der Handelskunden am POS<\/p>\n\n\n\n<p><strong>1974 &#8211; 1988<\/strong> Douglas-Gruppe, Gesch\u00e4ftsf\u00fchrer, verantwortlich f\u00fcr die<br>Sparte S\u00fc\u00dfwaren<\/p>\n\n\n\n<p><strong>1987<\/strong> Gr\u00fcndungsbeauftragter der Deutschen Marketingvereinigung<\/p>\n\n\n\n<p><strong>1988 <\/strong>Gr\u00fcndung des Marketing-Clubs S\u00fcdwestfalen und deren<br>Gesch\u00e4ftsf\u00fchrer. Danach 10 Jahre Pr\u00e4sident und Beirat der Service<br>GmbH des Deutschen Marketing Verbandes<\/p>\n\n\n\n<p><strong>1989 &#8211; 1997<\/strong> Tchibo Frisch-R\u00f6st Kaffee GmbH, Vertriebschef,<br>verantwortlich f\u00fcr 650 Tchibo-Filialen mit 4.200 Mitarbeitern<\/p>\n\n\n\n<p><strong>1993 &#8211; 1997<\/strong> Tchibo-Holding AG, Mitglied des Aufsichtsrates<\/p>\n\n\n\n<p><strong>1998 &#8211; 2007<\/strong> RZ-Zimmermann GmbH &amp; Co. Holding KG,<br>Gesch\u00e4ftsf\u00fchrer\/Vorstand, verantwortlich f\u00fcr die Bereiche Marketing\/<br>Vertrieb, \u00d6ffentlichkeitsarbeit und Personal der ZIMBO-Gruppe<\/p>\n\n\n\n<p><strong>01.04.2007 &#8211; 31.12.2024<\/strong> Selbstst\u00e4ndiger Unternehmensberater<\/p>\n","protected":false},"excerpt":{"rendered":"<p>Die wichtigsten beruflichen Stationen Nach einer handwerklichen Ausbildung, die mit Auszeichnung und alsJahrgangsbester abgeschlossen wurde, erfolgte nach dem fr\u00fchen Toddes Vaters und einer anschlie\u00dfend schweren Erkrankung der Muttereine neue berufliche Orientierung. 1971 &#8211; 1973 Jacobs-Kaffee, Werbung und Verkaufsf\u00f6rderung,direkte Beratung der Handelskunden am POS 1974 &#8211; 1988 Douglas-Gruppe, Gesch\u00e4ftsf\u00fchrer, verantwortlich f\u00fcr&#8230;<\/p>\n","protected":false},"author":1,"featured_media":0,"parent":0,"menu_order":0,"comment_status":"closed","ping_status":"closed","template":"","meta":[],"_links":{"self":[{"href":"http:\/\/denecke-consulting.de\/index.php?rest_route=\/wp\/v2\/pages\/58"}],"collection":[{"href":"http:\/\/denecke-consulting.de\/index.php?rest_route=\/wp\/v2\/pages"}],"about":[{"href":"http:\/\/denecke-consulting.de\/index.php?rest_route=\/wp\/v2\/types\/page"}],"author":[{"embeddable":true,"href":"http:\/\/denecke-consulting.de\/index.php?rest_route=\/wp\/v2\/users\/1"}],"replies":[{"embeddable":true,"href":"http:\/\/denecke-consulting.de\/index.php?rest_route=%2Fwp%2Fv2%2Fcomments&post=58"}],"version-history":[{"count":13,"href":"http:\/\/denecke-consulting.de\/index.php?rest_route=\/wp\/v2\/pages\/58\/revisions"}],"predecessor-version":[{"id":385,"href":"http:\/\/denecke-consulting.de\/index.php?rest_route=\/wp\/v2\/pages\/58\/revisions\/385"}],"wp:attachment":[{"href":"http:\/\/denecke-consulting.de\/index.php?rest_route=%2Fwp%2Fv2%2Fmedia&parent=58"}],"curies":[{"name":"wp","href":"https:\/\/api.w.org\/{rel}","templated":true}]}}