{"id":28,"date":"2019-07-13T11:17:50","date_gmt":"2019-07-13T11:17:50","guid":{"rendered":"http:\/\/denecke-consulting.de\/?page_id=28"},"modified":"2024-11-01T18:42:40","modified_gmt":"2024-11-01T18:42:40","slug":"datenschutz","status":"publish","type":"page","link":"http:\/\/denecke-consulting.de\/?page_id=28","title":{"rendered":"Datenschutz"},"content":{"rendered":"\n<h5><strong><span style=\"color:#87888a\" class=\"has-inline-color\">Datenschutzerkl\u00e4rung<\/span><\/strong><\/h5>\n\n\n\n<p>Wir freuen uns sehr \u00fcber Ihr Interesse an unserem Unternehmen.  Datenschutz hat einen besonders hohen Stellenwert f\u00fcr die  Gesch\u00e4ftsleitung der Denecke Consulting. Eine Nutzung der  Internetseiten der Denecke Consulting ist grunds\u00e4tzlich ohne  jede Angabe personenbezogener Daten m\u00f6glich. Sofern eine betroffene  Person besondere Services unseres Unternehmens \u00fcber unsere Internetseite  in Anspruch nehmen m\u00f6chte, k\u00f6nnte jedoch eine Verarbeitung  personenbezogener Daten erforderlich werden. Ist die Verarbeitung  personenbezogener Daten erforderlich und besteht f\u00fcr eine solche  Verarbeitung keine gesetzliche Grundlage, holen wir generell eine  Einwilligung der betroffenen Person ein.<\/p>\n\n\n\n<p>Die Verarbeitung personenbezogener Daten, beispielsweise des Namens,  der Anschrift, E-Mail-Adresse oder Telefonnummer einer betroffenen  Person, erfolgt stets im Einklang mit der Datenschutz-Grundverordnung  und in \u00dcbereinstimmung mit den f\u00fcr die Denecke Consulting geltenden landesspezifischen Datenschutzbestimmungen. Mittels dieser  Datenschutzerkl\u00e4rung m\u00f6chte unser Unternehmen die \u00d6ffentlichkeit \u00fcber  Art, Umfang und Zweck der von uns erhobenen, genutzten und verarbeiteten  personenbezogenen Daten informieren. Ferner werden betroffene Personen  mittels dieser Datenschutzerkl\u00e4rung \u00fcber die ihnen zustehenden Rechte  aufgekl\u00e4rt.<\/p>\n\n\n\n<p>Die Denecke Consulting hat als f\u00fcr die Verarbeitung  Verantwortlicher zahlreiche technische und organisatorische Ma\u00dfnahmen  umgesetzt, um einen m\u00f6glichst l\u00fcckenlosen Schutz der \u00fcber diese  Internetseite verarbeiteten personenbezogenen Daten sicherzustellen.  Dennoch k\u00f6nnen Internetbasierte Daten\u00fcbertragungen grunds\u00e4tzlich  Sicherheitsl\u00fccken aufweisen, sodass ein absoluter Schutz nicht  gew\u00e4hrleistet werden kann. Aus diesem Grund steht es jeder betroffenen  Person frei, personenbezogene Daten auch auf alternativen Wegen,  beispielsweise telefonisch, an uns zu \u00fcbermitteln.<\/p>\n\n\n\n<ol><li><strong><span style=\"color:#87888a\" class=\"has-inline-color\"> Begriffsbestimmungen<\/span><\/strong><\/li><\/ol>\n\n\n\n<p>Die Datenschutzerkl\u00e4rung der Denecke Consulting beruht auf  den Begrifflichkeiten, die durch den Europ\u00e4ischen Richtlinien- und  Verordnungsgeber beim Erlass der Datenschutz-Grundverordnung (DS-GVO)  verwendet wurden. Unsere Datenschutzerkl\u00e4rung soll sowohl f\u00fcr die  \u00d6ffentlichkeit als auch f\u00fcr unsere Kunden und Gesch\u00e4ftspartner einfach  lesbar und verst\u00e4ndlich sein. Um dies zu gew\u00e4hrleisten, m\u00f6chten wir  vorab die verwendeten Begrifflichkeiten erl\u00e4utern.<\/p>\n\n\n\n<p>Wir verwenden in dieser Datenschutzerkl\u00e4rung unter anderem die folgenden Begriffe:<\/p>\n\n\n\n<ul><li><strong><span style=\"color:#87888a\" class=\"has-inline-color\">a)\u00a0\u00a0\u00a0 personenbezogene Daten<\/span><\/strong><\/li><\/ul>\n\n\n\n<p>Personenbezogene Daten sind alle Informationen, die sich auf eine \nidentifizierte oder identifizierbare nat\u00fcrliche Person (im Folgenden \n\u201ebetroffene Person\u201c) beziehen. Als identifizierbar wird eine nat\u00fcrliche \nPerson angesehen, die direkt oder indirekt, insbesondere mittels \nZuordnung zu einer Kennung wie einem Namen, zu einer Kennnummer, zu \nStandortdaten, zu einer Online-Kennung oder zu einem oder mehreren \nbesonderen Merkmalen, die Ausdruck der physischen, physiologischen, \ngenetischen, psychischen, wirtschaftlichen, kulturellen oder sozialen \nIdentit\u00e4t dieser nat\u00fcrlichen Person sind, identifiziert werden kann.<\/p>\n\n\n\n<ul><li><strong><span style=\"color:#87888a\" class=\"has-inline-color\">b)\u00a0\u00a0\u00a0 betroffene Person<\/span><\/strong><\/li><\/ul>\n\n\n\n<p>Betroffene Person ist jede identifizierte oder identifizierbare \nnat\u00fcrliche Person, deren personenbezogene Daten von dem f\u00fcr die \nVerarbeitung Verantwortlichen verarbeitet werden.<\/p>\n\n\n\n<ul><li><strong><span style=\"color:#87888a\" class=\"has-inline-color\">c)\u00a0\u00a0\u00a0 Verarbeitung<\/span><\/strong><\/li><\/ul>\n\n\n\n<p>Verarbeitung ist jeder mit oder ohne Hilfe automatisierter Verfahren \nausgef\u00fchrte Vorgang oder jede solche Vorgangsreihe im Zusammenhang mit \npersonenbezogenen Daten wie das Erheben, das Erfassen, die Organisation,\n das Ordnen, die Speicherung, die Anpassung oder Ver\u00e4nderung, das \nAuslesen, das Abfragen, die Verwendung, die Offenlegung durch \n\u00dcbermittlung, Verbreitung oder eine andere Form der Bereitstellung, den \nAbgleich oder die Verkn\u00fcpfung, die Einschr\u00e4nkung, das L\u00f6schen oder die \nVernichtung.<\/p>\n\n\n\n<ul><li><strong><span style=\"color:#87888a\" class=\"has-inline-color\">d)\u00a0\u00a0\u00a0 Einschr\u00e4nkung der Verarbeitung<\/span><\/strong><\/li><\/ul>\n\n\n\n<p>Einschr\u00e4nkung der Verarbeitung ist die Markierung gespeicherter \npersonenbezogener Daten mit dem Ziel, ihre k\u00fcnftige Verarbeitung \neinzuschr\u00e4nken.<\/p>\n\n\n\n<ul><li><strong><span style=\"color:#87888a\" class=\"has-inline-color\">e)\u00a0\u00a0\u00a0 Profiling<\/span><\/strong><\/li><\/ul>\n\n\n\n<p>Profiling ist jede Art der automatisierten Verarbeitung \npersonenbezogener Daten, die darin besteht, dass diese personenbezogenen\n Daten verwendet werden, um bestimmte pers\u00f6nliche Aspekte, die sich auf \neine nat\u00fcrliche Person beziehen, zu bewerten, insbesondere, um Aspekte \nbez\u00fcglich Arbeitsleistung, wirtschaftlicher Lage, Gesundheit, \npers\u00f6nlicher Vorlieben, Interessen, Zuverl\u00e4ssigkeit, Verhalten, \nAufenthaltsort oder Ortswechsel dieser nat\u00fcrlichen Person zu analysieren\n oder vorherzusagen.<\/p>\n\n\n\n<ul><li><strong><span style=\"color:#87888a\" class=\"has-inline-color\">f)\u00a0\u00a0\u00a0\u00a0 Pseudonymisierung<\/span><\/strong><\/li><\/ul>\n\n\n\n<p>Pseudonymisierung ist die Verarbeitung personenbezogener Daten in \neiner Weise, auf welche die personenbezogenen Daten ohne Hinzuziehung \nzus\u00e4tzlicher Informationen nicht mehr einer spezifischen betroffenen \nPerson zugeordnet werden k\u00f6nnen, sofern diese zus\u00e4tzlichen Informationen\n gesondert aufbewahrt werden und technischen und organisatorischen \nMa\u00dfnahmen unterliegen, die gew\u00e4hrleisten, dass die personenbezogenen \nDaten nicht einer identifizierten oder identifizierbaren nat\u00fcrlichen \nPerson zugewiesen werden.<\/p>\n\n\n\n<ul><li><strong><span style=\"color:#87888a\" class=\"has-inline-color\">g)\u00a0\u00a0\u00a0 Verantwortlicher oder f\u00fcr die Verarbeitung Verantwortlicher<\/span><\/strong><\/li><\/ul>\n\n\n\n<p>Verantwortlicher oder f\u00fcr die Verarbeitung Verantwortlicher ist die \nnat\u00fcrliche oder juristische Person, Beh\u00f6rde, Einrichtung oder andere \nStelle, die allein oder gemeinsam mit anderen \u00fcber die Zwecke und Mittel\n der Verarbeitung von personenbezogenen Daten entscheidet. Sind die \nZwecke und Mittel dieser Verarbeitung durch das Unionsrecht oder das \nRecht der Mitgliedstaaten vorgegeben, so kann der Verantwortliche \nbeziehungsweise k\u00f6nnen die bestimmten Kriterien seiner Benennung nach \ndem Unionsrecht oder dem Recht der Mitgliedstaaten vorgesehen werden.<\/p>\n\n\n\n<ul><li><strong><span style=\"color:#87888a\" class=\"has-inline-color\">h)\u00a0\u00a0\u00a0 Auftragsverarbeiter<\/span><\/strong><\/li><\/ul>\n\n\n\n<p>Auftragsverarbeiter ist eine nat\u00fcrliche oder juristische Person, \nBeh\u00f6rde, Einrichtung oder andere Stelle, die personenbezogene Daten im \nAuftrag des Verantwortlichen verarbeitet.<\/p>\n\n\n\n<ul><li><strong><span style=\"color:#87888a\" class=\"has-inline-color\">i)\u00a0\u00a0\u00a0\u00a0\u00a0 Empf\u00e4nger<\/span><\/strong><\/li><\/ul>\n\n\n\n<p>Empf\u00e4nger ist eine nat\u00fcrliche oder juristische Person, Beh\u00f6rde, \nEinrichtung oder andere Stelle, der personenbezogene Daten offengelegt \nwerden, unabh\u00e4ngig davon, ob es sich bei ihr um einen Dritten handelt \noder nicht. Beh\u00f6rden, die im Rahmen eines bestimmten \nUntersuchungsauftrags nach dem Unionsrecht oder dem Recht der \nMitgliedstaaten m\u00f6glicherweise personenbezogene Daten erhalten, gelten \njedoch nicht als Empf\u00e4nger.<\/p>\n\n\n\n<ul><li><strong><span style=\"color:#87888a\" class=\"has-inline-color\">j)\u00a0\u00a0\u00a0\u00a0\u00a0 Dritter<\/span><\/strong><\/li><\/ul>\n\n\n\n<p>Dritter ist eine nat\u00fcrliche oder juristische Person, Beh\u00f6rde, \nEinrichtung oder andere Stelle au\u00dfer der betroffenen Person, dem \nVerantwortlichen, dem Auftragsverarbeiter und den Personen, die unter \nder unmittelbaren Verantwortung des Verantwortlichen oder des \nAuftragsverarbeiters befugt sind, die personenbezogenen Daten zu \nverarbeiten.<\/p>\n\n\n\n<ul><li><strong><span style=\"color:#87888a\" class=\"has-inline-color\">k)\u00a0\u00a0\u00a0 Einwilligung<\/span><\/strong><\/li><\/ul>\n\n\n\n<p>Einwilligung ist jede von der betroffenen Person freiwillig f\u00fcr den \nbestimmten Fall in informierter Weise und unmissverst\u00e4ndlich abgegebene \nWillensbekundung in Form einer Erkl\u00e4rung oder einer sonstigen \neindeutigen best\u00e4tigenden Handlung, mit der die betroffene Person zu \nverstehen gibt, dass sie mit der Verarbeitung der sie betreffenden \npersonenbezogenen Daten einverstanden ist.<\/p>\n\n\n\n<ol><li><strong> <span style=\"color:#87888a\" class=\"has-inline-color\">Name und Anschrift des f\u00fcr die Verarbeitung Verantwortlichen<\/span><\/strong><\/li><\/ol>\n\n\n\n<p>Verantwortlicher im Sinne der Datenschutz-Grundverordnung, sonstiger \nin den Mitgliedstaaten der Europ\u00e4ischen Union geltenden \nDatenschutzgesetze und anderer Bestimmungen mit datenschutzrechtlichem \nCharakter ist die:<\/p>\n\n\n\n<p>Denecke Consulting IN DER PRAXIS GEWINNEN<\/p>\n\n\n\n<p>Wallstra\u00dfe 51<\/p>\n\n\n\n<p>23560 L\u00fcbeck<\/p>\n\n\n\n<p>Deutschland<\/p>\n\n\n\n<p>Tel.: 0451 \/ 48900515<\/p>\n\n\n\n<p>E-Mail: info@Denecke-Consulting.de<\/p>\n\n\n\n<p>Website: www.Denecke-Consulting.de<\/p>\n\n\n\n<ol><li><strong> <span style=\"color:#87888a\" class=\"has-inline-color\">Cookies<\/span><\/strong><\/li><\/ol>\n\n\n\n<p>Die Internetseiten der Denecke Consulting verwenden Cookies.  Cookies sind Textdateien, welche \u00fcber einen Internetbrowser auf einem  Computersystem abgelegt und gespeichert werden.<\/p>\n\n\n\n<p>Zahlreiche Internetseiten und Server verwenden Cookies. Viele Cookies\n enthalten eine sogenannte Cookie-ID. Eine Cookie-ID ist eine eindeutige\n Kennung des Cookies. Sie besteht aus einer Zeichenfolge, durch welche \nInternetseiten und Server dem konkreten Internetbrowser zugeordnet \nwerden k\u00f6nnen, in dem das Cookie gespeichert wurde. Dies erm\u00f6glicht es \nden besuchten Internetseiten und Servern, den individuellen Browser der \nbetroffenen Person von anderen Internetbrowsern, die andere Cookies \nenthalten, zu unterscheiden. Ein bestimmter Internetbrowser kann \u00fcber \ndie eindeutige Cookie-ID wiedererkannt und identifiziert werden.<\/p>\n\n\n\n<p>Durch den Einsatz von Cookies kann die  Denecke Consulting  den  Nutzern dieser Internetseite nutzerfreundlichere Services  bereitstellen, die ohne die Cookie-Setzung nicht m\u00f6glich w\u00e4ren.<\/p>\n\n\n\n<p>Mittels eines Cookies k\u00f6nnen die Informationen und Angebote auf \nunserer Internetseite im Sinne des Benutzers optimiert werden. Cookies \nerm\u00f6glichen uns, wie bereits erw\u00e4hnt, die Benutzer unserer Internetseite\n wiederzuerkennen. Zweck dieser Wiedererkennung ist es, den Nutzern die \nVerwendung unserer Internetseite zu erleichtern. Der Benutzer einer \nInternetseite, die Cookies verwendet, muss beispielsweise nicht bei \njedem Besuch der Internetseite erneut seine Zugangsdaten eingeben, weil \ndies von der Internetseite und dem auf dem Computersystem des Benutzers \nabgelegten Cookie \u00fcbernommen wird. Ein weiteres Beispiel ist das Cookie \neines Warenkorbes im Online-Shop. Der Online-Shop merkt sich die \nArtikel, die ein Kunde in den virtuellen Warenkorb gelegt hat, \u00fcber ein \nCookie.<\/p>\n\n\n\n<p>Die betroffene Person kann die Setzung von Cookies durch unsere \nInternetseite jederzeit mittels einer entsprechenden Einstellung des \ngenutzten Internetbrowsers verhindern und damit der Setzung von Cookies \ndauerhaft widersprechen. Ferner k\u00f6nnen bereits gesetzte Cookies \njederzeit \u00fcber einen Internetbrowser oder andere Softwareprogramme \ngel\u00f6scht werden. Dies ist in allen g\u00e4ngigen Internetbrowsern m\u00f6glich. \nDeaktiviert die betroffene Person die Setzung von Cookies in dem \ngenutzten Internetbrowser, sind unter Umst\u00e4nden nicht alle Funktionen \nunserer Internetseite vollumf\u00e4nglich nutzbar.<\/p>\n\n\n\n<ol><li><strong> <span style=\"color:#87888a\" class=\"has-inline-color\">Erfassung von allgemeinen Daten und Informationen<\/span><\/strong><\/li><\/ol>\n\n\n\n<p>Die Internetseite der  Denecke Consulting  erfasst mit jedem  Aufruf der Internetseite durch eine betroffene Person oder ein  automatisiertes System eine Reihe von allgemeinen Daten und  Informationen. Diese allgemeinen Daten und Informationen werden in den  Logfiles des Servers gespeichert. Erfasst werden k\u00f6nnen die (1)  verwendeten Browsertypen und Versionen, (2) das vom zugreifenden System  verwendete Betriebssystem, (3) die Internetseite, von welcher ein  zugreifendes System auf unsere Internetseite gelangt (sogenannte  Referrer), (4) die Unterwebseiten, welche \u00fcber ein zugreifendes System  auf unserer Internetseite angesteuert werden, (5) das Datum und die  Uhrzeit eines Zugriffs auf die Internetseite, (6) eine  Internet-Protokoll-Adresse (IP-Adresse), (7) der  Internet-Service-Provider des zugreifenden Systems und (8) sonstige  \u00e4hnliche Daten und Informationen, die der Gefahrenabwehr im Falle von  Angriffen auf unsere informationstechnologischen Systeme dienen.<\/p>\n\n\n\n<p>Bei der Nutzung dieser allgemeinen Daten und Informationen zieht die   Denecke Consulting  keine R\u00fcckschl\u00fcsse auf die betroffene Person.  Diese Informationen werden vielmehr ben\u00f6tigt, um (1) die Inhalte  unserer Internetseite korrekt auszuliefern, (2) die Inhalte unserer  Internetseite sowie die Werbung f\u00fcr diese zu optimieren, (3) die  dauerhafte Funktionsf\u00e4higkeit unserer informationstechnologischen  Systeme und der Technik unserer Internetseite zu gew\u00e4hrleisten sowie (4)  um Strafverfolgungsbeh\u00f6rden im Falle eines Cyberangriffes die zur  Strafverfolgung notwendigen Informationen bereitzustellen. Diese anonym  erhobenen Daten und Informationen werden durch die  Denecke Consulting  daher einerseits statistisch und ferner mit dem Ziel  ausgewertet, den Datenschutz und die Datensicherheit in unserem  Unternehmen zu erh\u00f6hen, um letztlich ein optimales Schutzniveau f\u00fcr die  von uns verarbeiteten personenbezogenen Daten sicherzustellen. Die  anonymen Daten der Server-Logfiles werden getrennt von allen durch eine  betroffene Person angegebenen personenbezogenen Daten gespeichert.<\/p>\n\n\n\n<ol><li><strong> <span style=\"color:#87888a\" class=\"has-inline-color\">Kontaktm\u00f6glichkeit \u00fcber die Internetseite<\/span><\/strong><\/li><\/ol>\n\n\n\n<p>Die Internetseite der  Denecke Consulting  enth\u00e4lt aufgrund von  gesetzlichen Vorschriften Angaben, die eine schnelle elektronische  Kontaktaufnahme zu unserem Unternehmen sowie eine unmittelbare  Kommunikation mit uns erm\u00f6glichen, was ebenfalls eine allgemeine Adresse  der sogenannten elektronischen Post (E-Mail-Adresse) umfasst. Sofern  eine betroffene Person per E-Mail oder \u00fcber ein Kontaktformular den  Kontakt mit dem f\u00fcr die Verarbeitung Verantwortlichen aufnimmt, werden  die von der betroffenen Person \u00fcbermittelten personenbezogenen Daten  automatisch gespeichert. Solche auf freiwilliger Basis von einer  betroffenen Person an den f\u00fcr die Verarbeitung Verantwortlichen  \u00fcbermittelten personenbezogenen Daten werden f\u00fcr Zwecke der Bearbeitung  oder der Kontaktaufnahme zur betroffenen Person gespeichert. Es erfolgt  keine Weitergabe dieser personenbezogenen Daten an Dritte.<\/p>\n\n\n\n<ol><li><strong> <span style=\"color:#87888a\" class=\"has-inline-color\">Kommentarfunktion im Blog auf der Internetseite<\/span><\/strong><\/li><\/ol>\n\n\n\n<p>Die  Denecke Consulting  bietet den Nutzern auf einem Blog, der  sich auf der Internetseite des f\u00fcr die Verarbeitung Verantwortlichen  befindet, die M\u00f6glichkeit, individuelle Kommentare zu einzelnen  Blog-Beitr\u00e4gen zu hinterlassen. Ein Blog ist ein auf einer Internetseite  gef\u00fchrtes, in der Regel \u00f6ffentlich einsehbares Portal, in welchem eine  oder mehrere Personen, die Blogger oder Web-Blogger genannt werden,  Artikel posten oder Gedanken in sogenannten Blogposts niederschreiben  k\u00f6nnen. Die Blogposts k\u00f6nnen in der Regel von Dritten kommentiert  werden.<\/p>\n\n\n\n<p>Hinterl\u00e4sst eine betroffene Person einen Kommentar in dem auf dieser \nInternetseite ver\u00f6ffentlichten Blog, werden neben den von der \nbetroffenen Person hinterlassenen Kommentaren auch Angaben zum Zeitpunkt\n der Kommentareingabe sowie zu dem von der betroffenen Person gew\u00e4hlten \nNutzernamen (Pseudonym) gespeichert und ver\u00f6ffentlicht. Ferner wird die \nvom Internet-Service-Provider (ISP) der betroffenen Person vergebene \nIP-Adresse mitprotokolliert. Diese Speicherung der IP-Adresse erfolgt \naus Sicherheitsgr\u00fcnden und f\u00fcr den Fall, dass die betroffene Person \ndurch einen abgegebenen Kommentar die Rechte Dritter verletzt oder \nrechtswidrige Inhalte postet. Die Speicherung dieser personenbezogenen \nDaten erfolgt daher im eigenen Interesse des f\u00fcr die Verarbeitung \nVerantwortlichen, damit sich dieser im Falle einer Rechtsverletzung \ngegebenenfalls exkulpieren k\u00f6nnte. Es erfolgt keine Weitergabe dieser \nerhobenen personenbezogenen Daten an Dritte, sofern eine solche \nWeitergabe nicht gesetzlich vorgeschrieben ist oder der \nRechtsverteidigung des f\u00fcr die Verarbeitung Verantwortlichen dient.<\/p>\n\n\n\n<ol><li><strong> <span style=\"color:#87888a\" class=\"has-inline-color\">Routinem\u00e4\u00dfige L\u00f6schung und Sperrung von personenbezogenen Daten<\/span><\/strong><\/li><\/ol>\n\n\n\n<p>Der f\u00fcr die Verarbeitung Verantwortliche verarbeitet und speichert \npersonenbezogene Daten der betroffenen Person nur f\u00fcr den Zeitraum, der \nzur Erreichung des Speicherungszwecks erforderlich ist oder sofern dies \ndurch den Europ\u00e4ischen Richtlinien- und Verordnungsgeber oder einen \nanderen Gesetzgeber in Gesetzen oder Vorschriften, welchen der f\u00fcr die \nVerarbeitung Verantwortliche unterliegt, vorgesehen wurde.<\/p>\n\n\n\n<p>Entf\u00e4llt der Speicherungszweck oder l\u00e4uft eine vom Europ\u00e4ischen \nRichtlinien- und Verordnungsgeber oder einem anderen zust\u00e4ndigen \nGesetzgeber vorgeschriebene Speicherfrist ab, werden die \npersonenbezogenen Daten routinem\u00e4\u00dfig und entsprechend den gesetzlichen \nVorschriften gesperrt oder gel\u00f6scht.<\/p>\n\n\n\n<ol><li><strong> <span style=\"color:#87888a\" class=\"has-inline-color\">Rechte der betroffenen Person<\/span><\/strong><\/li><\/ol>\n\n\n\n<ul><li><strong><span style=\"color:#87888a\" class=\"has-inline-color\">a)\u00a0\u00a0\u00a0 Recht auf Best\u00e4tigung<\/span><\/strong><\/li><\/ul>\n\n\n\n<p>Jede betroffene Person hat das vom Europ\u00e4ischen Richtlinien- und \nVerordnungsgeber einger\u00e4umte Recht, von dem f\u00fcr die Verarbeitung \nVerantwortlichen eine Best\u00e4tigung dar\u00fcber zu verlangen, ob sie \nbetreffende personenbezogene Daten verarbeitet werden. M\u00f6chte eine \nbetroffene Person dieses Best\u00e4tigungsrecht in Anspruch nehmen, kann sie \nsich hierzu jederzeit an einen Mitarbeiter des f\u00fcr die Verarbeitung \nVerantwortlichen wenden.<\/p>\n\n\n\n<ul><li><strong><span style=\"color:#87888a\" class=\"has-inline-color\">b)\u00a0\u00a0\u00a0 Recht auf Auskunft<\/span><\/strong><\/li><\/ul>\n\n\n\n<p>Jede von der Verarbeitung personenbezogener Daten betroffene Person \nhat das vom Europ\u00e4ischen Richtlinien- und Verordnungsgeber gew\u00e4hrte \nRecht, jederzeit von dem f\u00fcr die Verarbeitung Verantwortlichen \nunentgeltliche Auskunft \u00fcber die zu seiner Person gespeicherten \npersonenbezogenen Daten und eine Kopie dieser Auskunft zu erhalten. \nFerner hat der Europ\u00e4ische Richtlinien- und Verordnungsgeber der \nbetroffenen Person Auskunft \u00fcber folgende Informationen zugestanden:<\/p>\n\n\n\n<ul><li>die Verarbeitungszwecke<\/li><li>die Kategorien personenbezogener Daten, die verarbeitet werden<\/li><li>die Empf\u00e4nger oder Kategorien von Empf\u00e4ngern, gegen\u00fcber denen die \npersonenbezogenen Daten offengelegt worden sind oder noch offengelegt \nwerden, insbesondere bei Empf\u00e4ngern in Drittl\u00e4ndern oder bei \ninternationalen Organisationen<\/li><li>falls m\u00f6glich die geplante Dauer, f\u00fcr die die personenbezogenen \nDaten gespeichert werden, oder, falls dies nicht m\u00f6glich ist, die \nKriterien f\u00fcr die Festlegung dieser Dauer<\/li><li>das Bestehen eines Rechts auf Berichtigung oder L\u00f6schung der sie \nbetreffenden personenbezogenen Daten oder auf Einschr\u00e4nkung der \nVerarbeitung durch den Verantwortlichen oder eines Widerspruchsrechts \ngegen diese Verarbeitung<\/li><li>das Bestehen eines Beschwerderechts bei einer Aufsichtsbeh\u00f6rde<\/li><li>wenn die personenbezogenen Daten nicht bei der betroffenen Person \nerhoben werden: Alle verf\u00fcgbaren Informationen \u00fcber die Herkunft der \nDaten<\/li><li>das Bestehen einer automatisierten Entscheidungsfindung \neinschlie\u00dflich Profiling gem\u00e4\u00df Artikel 22 Abs.1 und 4 DS-GVO und \u2014 \nzumindest in diesen F\u00e4llen \u2014 aussagekr\u00e4ftige Informationen \u00fcber die \ninvolvierte Logik sowie die Tragweite und die angestrebten Auswirkungen \neiner derartigen Verarbeitung f\u00fcr die betroffene Person<\/li><\/ul>\n\n\n\n<p>Ferner steht der betroffenen Person ein Auskunftsrecht dar\u00fcber zu, ob\n personenbezogene Daten an ein Drittland oder an eine internationale \nOrganisation \u00fcbermittelt wurden. Sofern dies der Fall ist, so steht der \nbetroffenen Person im \u00dcbrigen das Recht zu, Auskunft \u00fcber die geeigneten\n Garantien im Zusammenhang mit der \u00dcbermittlung zu erhalten.<\/p>\n\n\n\n<p>M\u00f6chte eine betroffene Person dieses Auskunftsrecht in Anspruch \nnehmen, kann sie sich hierzu jederzeit an einen Mitarbeiter des f\u00fcr die \nVerarbeitung Verantwortlichen wenden.<\/p>\n\n\n\n<ul><li><strong><span style=\"color:#87888a\" class=\"has-inline-color\">c)\u00a0\u00a0\u00a0 Recht auf Berichtigung<\/span><\/strong><\/li><\/ul>\n\n\n\n<p>Jede von der Verarbeitung personenbezogener Daten betroffene Person \nhat das vom Europ\u00e4ischen Richtlinien- und Verordnungsgeber gew\u00e4hrte \nRecht, die unverz\u00fcgliche Berichtigung sie betreffender unrichtiger \npersonenbezogener Daten zu verlangen. Ferner steht der betroffenen \nPerson das Recht zu, unter Ber\u00fccksichtigung der Zwecke der Verarbeitung,\n die Vervollst\u00e4ndigung unvollst\u00e4ndiger personenbezogener Daten \u2014 auch \nmittels einer erg\u00e4nzenden Erkl\u00e4rung \u2014 zu verlangen.<\/p>\n\n\n\n<p>M\u00f6chte eine betroffene Person dieses Berichtigungsrecht in Anspruch \nnehmen, kann sie sich hierzu jederzeit an einen Mitarbeiter des f\u00fcr die \nVerarbeitung Verantwortlichen wenden.<\/p>\n\n\n\n<ul><li><strong><span style=\"color:#87888a\" class=\"has-inline-color\">d)\u00a0\u00a0\u00a0 Recht auf L\u00f6schung (Recht auf Vergessen werden)<\/span><\/strong><\/li><\/ul>\n\n\n\n<p>Jede von der Verarbeitung personenbezogener Daten betroffene Person \nhat das vom Europ\u00e4ischen Richtlinien- und Verordnungsgeber gew\u00e4hrte \nRecht, von dem Verantwortlichen zu verlangen, dass die sie betreffenden \npersonenbezogenen Daten unverz\u00fcglich gel\u00f6scht werden, sofern einer der \nfolgenden Gr\u00fcnde zutrifft und soweit die Verarbeitung nicht erforderlich\n ist:<\/p>\n\n\n\n<ul><li>Die personenbezogenen Daten wurden f\u00fcr solche Zwecke erhoben oder \nauf sonstige Weise verarbeitet, f\u00fcr welche sie nicht mehr notwendig \nsind.<\/li><li>Die betroffene Person widerruft ihre Einwilligung, auf die sich die \nVerarbeitung gem\u00e4\u00df Art. 6 Abs. 1 Buchstabe a DS-GVO oder Art. 9 Abs. 2 \nBuchstabe a DS-GVO st\u00fctzte, und es fehlt an einer anderweitigen \nRechtsgrundlage f\u00fcr die Verarbeitung.<\/li><li>Die betroffene Person legt gem\u00e4\u00df Art. 21 Abs. 1 DS-GVO Widerspruch \ngegen die Verarbeitung ein, und es liegen keine vorrangigen berechtigten\n Gr\u00fcnde f\u00fcr die Verarbeitung vor, oder die betroffene Person legt gem\u00e4\u00df \nArt. 21 Abs. 2 DS-GVO Widerspruch gegen die Verarbeitung ein.<\/li><li>Die personenbezogenen Daten wurden unrechtm\u00e4\u00dfig verarbeitet.<\/li><li>Die L\u00f6schung der personenbezogenen Daten ist zur Erf\u00fcllung einer \nrechtlichen Verpflichtung nach dem Unionsrecht oder dem Recht der \nMitgliedstaaten erforderlich, dem der Verantwortliche unterliegt.<\/li><li>Die personenbezogenen Daten wurden in Bezug auf angebotene Dienste \nder Informationsgesellschaft gem\u00e4\u00df Art. 8 Abs. 1 DS-GVO erhoben.<\/li><\/ul>\n\n\n\n<p>Sofern einer der oben genannten Gr\u00fcnde zutrifft und eine betroffene  Person die L\u00f6schung von personenbezogenen Daten, die bei der Denecke Consulting  gespeichert sind, veranlassen m\u00f6chte, kann  sie sich hierzu jederzeit an einen Mitarbeiter des f\u00fcr die Verarbeitung  Verantwortlichen wenden. Der Mitarbeiter der Denecke Consulting  wird veranlassen, dass dem L\u00f6schverlangen unverz\u00fcglich nachgekommen  wird.<\/p>\n\n\n\n<p>Wurden die personenbezogenen Daten von der Denecke Consulting   \u00f6ffentlich gemacht und ist unser Unternehmen als Verantwortlicher gem\u00e4\u00df  Art. 17 Abs. 1 DS-GVO zur L\u00f6schung der personenbezogenen Daten  verpflichtet, so trifft die Denecke Consulting unter  Ber\u00fccksichtigung der verf\u00fcgbaren Technologie und der  Implementierungskosten angemessene Ma\u00dfnahmen, auch technischer Art, um  andere f\u00fcr die Datenverarbeitung Verantwortliche, welche die  ver\u00f6ffentlichten personenbezogenen Daten verarbeiten, dar\u00fcber in  Kenntnis zu setzen, dass die betroffene Person von diesen anderen f\u00fcr  die Datenverarbeitung Verantwortlichen die L\u00f6schung s\u00e4mtlicher Links zu  diesen personenbezogenen Daten oder von Kopien oder Replikationen dieser  personenbezogenen Daten verlangt hat, soweit die Verarbeitung nicht  erforderlich ist. Der Mitarbeiter der DeneckeMedien WERBEAGENTUR wird im  Einzelfall das Notwendige veranlassen.<\/p>\n\n\n\n<ul><li><strong><span style=\"color:#87888a\" class=\"has-inline-color\">e)\u00a0\u00a0\u00a0 Recht auf Einschr\u00e4nkung der Verarbeitung<\/span><\/strong><\/li><\/ul>\n\n\n\n<p>Jede von der Verarbeitung personenbezogener Daten betroffene Person \nhat das vom Europ\u00e4ischen Richtlinien- und Verordnungsgeber gew\u00e4hrte \nRecht, von dem Verantwortlichen die Einschr\u00e4nkung der Verarbeitung zu \nverlangen, wenn eine der folgenden Voraussetzungen gegeben ist:<\/p>\n\n\n\n<ul><li>Die Richtigkeit der personenbezogenen Daten wird von der betroffenen\n Person bestritten, und zwar f\u00fcr eine Dauer, die es dem Verantwortlichen\n erm\u00f6glicht, die Richtigkeit der personenbezogenen Daten zu \u00fcberpr\u00fcfen.<\/li><li>Die Verarbeitung ist unrechtm\u00e4\u00dfig, die betroffene Person lehnt die \nL\u00f6schung der personenbezogenen Daten ab und verlangt stattdessen die \nEinschr\u00e4nkung der Nutzung der personenbezogenen Daten.<\/li><li>Der Verantwortliche ben\u00f6tigt die personenbezogenen Daten f\u00fcr die \nZwecke der Verarbeitung nicht l\u00e4nger, die betroffene Person ben\u00f6tigt sie\n jedoch zur Geltendmachung, Aus\u00fcbung oder Verteidigung von \nRechtsanspr\u00fcchen.<\/li><li>Die betroffene Person hat Widerspruch gegen die Verarbeitung gem. \nArt. 21 Abs. 1 DS-GVO eingelegt und es steht noch nicht fest, ob die \nberechtigten Gr\u00fcnde des Verantwortlichen gegen\u00fcber denen der betroffenen\n Person \u00fcberwiegen.<\/li><\/ul>\n\n\n\n<p>Sofern eine der oben genannten Voraussetzungen gegeben ist und eine  betroffene Person die Einschr\u00e4nkung von personenbezogenen Daten, die bei  der Denecke Consulting gespeichert sind, verlangen m\u00f6chte, kann  sie sich hierzu jederzeit an einen Mitarbeiter des f\u00fcr die Verarbeitung  Verantwortlichen wenden. Der Mitarbeiter der DeneckeMedien WERBEAGENTUR  wird die Einschr\u00e4nkung der Verarbeitung veranlassen.<\/p>\n\n\n\n<ul><li><strong><span style=\"color:#87888a\" class=\"has-inline-color\">f)\u00a0\u00a0\u00a0\u00a0 Recht auf Daten\u00fcbertragbarkeit<\/span><\/strong><\/li><\/ul>\n\n\n\n<p>Jede von der Verarbeitung personenbezogener Daten betroffene Person \nhat das vom Europ\u00e4ischen Richtlinien- und Verordnungsgeber gew\u00e4hrte \nRecht, die sie betreffenden personenbezogenen Daten, welche durch die \nbetroffene Person einem Verantwortlichen bereitgestellt wurden, in einem\n strukturierten, g\u00e4ngigen und maschinenlesbaren Format zu erhalten. Sie \nhat au\u00dferdem das Recht, diese Daten einem anderen Verantwortlichen ohne \nBehinderung durch den Verantwortlichen, dem die personenbezogenen Daten \nbereitgestellt wurden, zu \u00fcbermitteln, sofern die Verarbeitung auf der \nEinwilligung gem\u00e4\u00df Art. 6 Abs. 1 Buchstabe a DS-GVO oder Art. 9 Abs. 2 \nBuchstabe a DS-GVO oder auf einem Vertrag gem\u00e4\u00df Art. 6 Abs. 1 Buchstabe b\n DS-GVO beruht und die Verarbeitung mithilfe automatisierter Verfahren \nerfolgt, sofern die Verarbeitung nicht f\u00fcr die Wahrnehmung einer Aufgabe\n erforderlich ist, die im \u00f6ffentlichen Interesse liegt oder in Aus\u00fcbung \n\u00f6ffentlicher Gewalt erfolgt, welche dem Verantwortlichen \u00fcbertragen \nwurde.<\/p>\n\n\n\n<p>Ferner hat die betroffene Person bei der Aus\u00fcbung ihres Rechts auf \nDaten\u00fcbertragbarkeit gem\u00e4\u00df Art. 20 Abs. 1 DS-GVO das Recht, zu erwirken,\n dass die personenbezogenen Daten direkt von einem Verantwortlichen an \neinen anderen Verantwortlichen \u00fcbermittelt werden, soweit dies technisch\n machbar ist und sofern hiervon nicht die Rechte und Freiheiten anderer \nPersonen beeintr\u00e4chtigt werden.<\/p>\n\n\n\n<p>Zur Geltendmachung des Rechts auf Daten\u00fcbertragbarkeit kann sich die  betroffene Person jederzeit an einen Mitarbeiter der Denecke Consulting  wenden.<\/p>\n\n\n\n<ul><li><strong><span style=\"color:#87888a\" class=\"has-inline-color\">g)\u00a0\u00a0\u00a0 Recht auf Widerspruch<\/span><\/strong><\/li><\/ul>\n\n\n\n<p>Jede von der Verarbeitung personenbezogener Daten betroffene Person \nhat das vom Europ\u00e4ischen Richtlinien- und Verordnungsgeber gew\u00e4hrte \nRecht, aus Gr\u00fcnden, die sich aus ihrer besonderen Situation ergeben, \njederzeit gegen die Verarbeitung sie betreffender personenbezogener \nDaten, die aufgrund von Art. 6 Abs. 1 Buchstaben e oder f DS-GVO \nerfolgt, Widerspruch einzulegen. Dies gilt auch f\u00fcr ein auf diese \nBestimmungen gest\u00fctztes Profiling.<\/p>\n\n\n\n<p>Die Denecke Consulting verarbeitet die personenbezogenen  Daten im Falle des Widerspruchs nicht mehr, es sei denn, wir k\u00f6nnen  zwingende schutzw\u00fcrdige Gr\u00fcnde f\u00fcr die Verarbeitung nachweisen, die den  Interessen, Rechten und Freiheiten der betroffenen Person \u00fcberwiegen,  oder die Verarbeitung dient der Geltendmachung, Aus\u00fcbung oder  Verteidigung von Rechtsanspr\u00fcchen.<\/p>\n\n\n\n<p>Verarbeitet die Denecke Consulting personenbezogene Daten, um  Direktwerbung zu betreiben, so hat die betroffene Person das Recht,  jederzeit Widerspruch gegen die Verarbeitung der personenbezogenen Daten  zum Zwecke derartiger Werbung einzulegen. Dies gilt auch f\u00fcr das  Profiling, soweit es mit solcher Direktwerbung in Verbindung steht.  Widerspricht die betroffene Person gegen\u00fcber der Denecke Consulting der Verarbeitung f\u00fcr Zwecke der Direktwerbung, so wird die Denecke Consulting  die personenbezogenen Daten nicht mehr f\u00fcr  diese Zwecke verarbeiten.<\/p>\n\n\n\n<p>Zudem hat die betroffene Person das Recht, aus Gr\u00fcnden, die sich aus  ihrer besonderen Situation ergeben, gegen die sie betreffende  Verarbeitung personenbezogener Daten, die bei der Denecke Consulting zu wissenschaftlichen oder historischen Forschungszwecken  oder zu statistischen Zwecken gem\u00e4\u00df Art. 89 Abs. 1 DS-GVO erfolgen,  Widerspruch einzulegen, es sei denn, eine solche Verarbeitung ist zur  Erf\u00fcllung einer im \u00f6ffentlichen Interesse liegenden Aufgabe  erforderlich.<\/p>\n\n\n\n<p>Zur Aus\u00fcbung des Rechts auf Widerspruch kann sich die betroffene  Person direkt jeden Mitarbeiter der Denecke Consulting oder  einen anderen Mitarbeiter wenden. Der betroffenen Person steht es ferner  frei, im Zusammenhang mit der Nutzung von Diensten der  Informationsgesellschaft, ungeachtet der Richtlinie 2002\/58\/EG, ihr  Widerspruchsrecht mittels automatisierter Verfahren auszu\u00fcben, bei denen  technische Spezifikationen verwendet werden.<\/p>\n\n\n\n<ul><li><strong><span style=\"color:#87888a\" class=\"has-inline-color\">h)\u00a0\u00a0\u00a0 Automatisierte Entscheidungen im Einzelfall einschlie\u00dflich Profiling<\/span><\/strong><\/li><\/ul>\n\n\n\n<p>Jede von der Verarbeitung personenbezogener Daten betroffene Person \nhat das vom Europ\u00e4ischen Richtlinien- und Verordnungsgeber gew\u00e4hrte \nRecht, nicht einer ausschlie\u00dflich auf einer automatisierten Verarbeitung\n \u2014 einschlie\u00dflich Profiling \u2014 beruhenden Entscheidung unterworfen zu \nwerden, die ihr gegen\u00fcber rechtliche Wirkung entfaltet oder sie in \n\u00e4hnlicher Weise erheblich beeintr\u00e4chtigt, sofern die Entscheidung (1) \nnicht f\u00fcr den Abschluss oder die Erf\u00fcllung eines Vertrags zwischen der \nbetroffenen Person und dem Verantwortlichen erforderlich ist, oder (2) \naufgrund von Rechtsvorschriften der Union oder der Mitgliedstaaten, \ndenen der Verantwortliche unterliegt, zul\u00e4ssig ist und diese \nRechtsvorschriften angemessene Ma\u00dfnahmen zur Wahrung der Rechte und \nFreiheiten sowie der berechtigten Interessen der betroffenen Person \nenthalten oder (3) mit ausdr\u00fccklicher Einwilligung der betroffenen \nPerson erfolgt.<\/p>\n\n\n\n<p>Ist die Entscheidung (1) f\u00fcr den Abschluss oder die Erf\u00fcllung eines  Vertrags zwischen der betroffenen Person und dem Verantwortlichen  erforderlich oder (2) erfolgt sie mit ausdr\u00fccklicher Einwilligung der  betroffenen Person, trifft die Denecke Consulting angemessene  Ma\u00dfnahmen, um die Rechte und Freiheiten sowie die berechtigten  Interessen der betroffenen Person zu wahren, wozu mindestens das Recht  auf Erwirkung des Eingreifens einer Person seitens des Verantwortlichen,  auf Darlegung des eigenen Standpunkts und auf Anfechtung der  Entscheidung geh\u00f6rt.<\/p>\n\n\n\n<p>M\u00f6chte die betroffene Person Rechte mit Bezug auf automatisierte \nEntscheidungen geltend machen, kann sie sich hierzu jederzeit an einen \nMitarbeiter des f\u00fcr die Verarbeitung Verantwortlichen wenden.<\/p>\n\n\n\n<ul><li><strong><span style=\"color:#87888a\" class=\"has-inline-color\">i)\u00a0\u00a0\u00a0\u00a0\u00a0 Recht auf Widerruf einer datenschutzrechtlichen Einwilligung<\/span><\/strong><\/li><\/ul>\n\n\n\n<p>Jede von der Verarbeitung personenbezogener Daten betroffene Person \nhat das vom Europ\u00e4ischen Richtlinien- und Verordnungsgeber gew\u00e4hrte \nRecht, eine Einwilligung zur Verarbeitung personenbezogener Daten \njederzeit zu widerrufen.<\/p>\n\n\n\n<p>M\u00f6chte die betroffene Person ihr Recht auf Widerruf einer \nEinwilligung geltend machen, kann sie sich hierzu jederzeit an einen \nMitarbeiter des f\u00fcr die Verarbeitung Verantwortlichen wenden.<\/p>\n\n\n\n<ol><li><strong> <span style=\"color:#87888a\" class=\"has-inline-color\">Datenschutzbestimmungen zu Einsatz und Verwendung von AddThis<\/span><\/strong><\/li><\/ol>\n\n\n\n<p>Der f\u00fcr die Verarbeitung Verantwortliche hat auf dieser Internetseite\n Komponenten des Unternehmens AddThis integriert. AddThis ist ein \nsogenannter Bookmarking-Provider. Der Dienst erm\u00f6glicht ein \nvereinfachtes Bookmarken von Internetseiten \u00fcber Buttons. Durch ein \n\u00dcberfahren der AddThis-Komponente mit der Maus oder durch Anklicken mit \ndieser wird eine Liste mit Bookmarking- und Sharingservices angezeigt. \nAddThis ist auf \u00fcber 15 Millionen Internetseiten im Einsatz, und die \nButtons werden nach den Angaben der Betreibergesellschaft \u00fcber 20 \nMilliarden Mal j\u00e4hrlich angezeigt.<\/p>\n\n\n\n<p>Betreibergesellschaft von AddThis ist die Firma AddThis, Inc. 1595 Spring Hill Road, Suite 300, Vienna, VA 22182, USA.<\/p>\n\n\n\n<p>Durch jeden Aufruf einer der Einzelseiten dieser Internetseite, die \ndurch den f\u00fcr die Verarbeitung Verantwortlichen betrieben wird und auf \nwelcher eine AddThis-Komponente integriert wurde, wird der \nInternetbrowser auf dem informationstechnologischen System der \nbetroffenen Person automatisch durch die jeweilige AddThis-Komponente \nveranlasst, Daten von der Internetseite www.addthis.com herunterzuladen.\n Im Rahmen dieses technischen Verfahrens erh\u00e4lt AddThis Kenntnis \u00fcber \nden Besuch und welche konkrete Einzelseite dieser Internetseite durch \ndas von der betroffenen Person verwendete informationstechnologische \nSystem genutzt wird. Ferner erh\u00e4lt AddThis Kenntnis \u00fcber die vom \nInternet-Service-Provider (ISP) vergebene IP-Adresse des von der \nbetroffenen Person verwendeten Computersystems, den Browsertyp, die \nBrowsersprache, die vor unserer Internetseite aufgerufene Internetseite,\n das Datum sowie die Uhrzeit des Besuchs unserer Internetseite. AddThis \nnutzt diese Daten, um anonymisierte Nutzerprofile zu erstellen. Die auf \ndiesem Wege an AddThis \u00fcbertragenen Daten und Informationen erm\u00f6glichen \ndem Unternehmen AddThis selbst sowie den mit AddThis verbundenen \nUnternehmen oder dessen Partner-Unternehmen, die Besucher der \nInternetseiten des f\u00fcr die Verarbeitung Verantwortlichen gezielt mit \npersonalisierter und interessenbezogener Werbung anzusprechen.<\/p>\n\n\n\n<p>AddThis blendet personalisierte und interessenbezogene Werbung auf \nBasis eines durch das Unternehmen gesetzten Cookies ein. Dieses Cookie \nanalysiert das individuelle Surfverhalten des von der betroffenen Person\n genutzten Computersystems. Das Cookie speichert die von dem \nComputersystem ausgehenden Besuche von Internetseiten.<\/p>\n\n\n\n<p>Die betroffene Person kann die Setzung von Cookies durch unsere \nInternetseite, wie oben bereits dargestellt, jederzeit mittels einer \nentsprechenden Einstellung des genutzten Internetbrowsers verhindern und\n damit der Setzung von Cookies dauerhaft widersprechen. Eine solche \nEinstellung des genutzten Internetbrowsers w\u00fcrde auch verhindern, dass \nAddThis ein Cookie auf dem informationstechnologischen System der \nbetroffenen Person setzt. Zudem k\u00f6nnen von AddThis bereits gesetzte \nCookies jederzeit \u00fcber einen Internetbrowser oder andere \nSoftwareprogramme gel\u00f6scht werden.<\/p>\n\n\n\n<p>Die betroffene Person hat zudem die M\u00f6glichkeit, der Verarbeitung von\n personenbezogenen Daten durch AddThis dauerhaft zu widersprechen. \nHierzu muss die betroffene Person den Opt-Out-Button unter dem Link \nhttp:\/\/www.addthis.com\/privacy\/opt-out dr\u00fccken, der einen Opt-Out-Cookie\n setzt. Der mit dem Widerspruch gesetzte Opt-Out-Cookie, wird auf dem \nvon der betroffenen Person genutzten informationstechnologischen System \nabgelegt. Werden die Cookies auf dem System der betroffenen Person nach \neinem Widerspruch gel\u00f6scht, muss die betroffene Person den Link erneut \naufrufen und einen neuen Opt-Out-Cookie setzen.<\/p>\n\n\n\n<p>Mit der Setzung des Opt-Out-Cookies besteht jedoch die M\u00f6glichkeit, \ndass die Internetseiten des f\u00fcr die Verarbeitung Verantwortlichen f\u00fcr \ndie betroffene Person nicht mehr vollumf\u00e4nglich nutzbar sind.<\/p>\n\n\n\n<p>Die geltenden Datenschutzbestimmungen von AddThis k\u00f6nnen unter http:\/\/www.addthis.com\/privacy\/privacy-policy abgerufen werden.<\/p>\n\n\n\n<ol><li><strong><span style=\"color:#87888a\" class=\"has-inline-color\"> Datenschutzbestimmungen zu Einsatz und Verwendung von Facebook<\/span><\/strong><\/li><\/ol>\n\n\n\n<p>Der f\u00fcr die Verarbeitung Verantwortliche hat auf dieser Internetseite\n Komponenten des Unternehmens Facebook integriert. Facebook ist ein \nsoziales Netzwerk.<\/p>\n\n\n\n<p>Ein soziales Netzwerk ist ein im Internet betriebener sozialer \nTreffpunkt, eine Online-Gemeinschaft, die es den Nutzern in der Regel \nerm\u00f6glicht, untereinander zu kommunizieren und im virtuellen Raum zu \ninteragieren. Ein soziales Netzwerk kann als Plattform zum Austausch von\n Meinungen und Erfahrungen dienen oder erm\u00f6glicht es der \nInternetgemeinschaft, pers\u00f6nliche oder unternehmensbezogene \nInformationen bereitzustellen. Facebook erm\u00f6glicht den Nutzern des \nsozialen Netzwerkes unter anderem die Erstellung von privaten Profilen, \nden Upload von Fotos und eine Vernetzung \u00fcber Freundschaftsanfragen.<\/p>\n\n\n\n<p>Betreibergesellschaft von Facebook ist die Facebook, Inc., 1 Hacker \nWay, Menlo Park, CA 94025, USA. F\u00fcr die Verarbeitung personenbezogener \nDaten Verantwortlicher ist, wenn eine betroffene Person au\u00dferhalb der \nUSA oder Kanada lebt, die Facebook Ireland Ltd., 4 Grand Canal Square, \nGrand Canal Harbour, Dublin 2, Ireland.<\/p>\n\n\n\n<p>Durch jeden Aufruf einer der Einzelseiten dieser Internetseite, die \ndurch den f\u00fcr die Verarbeitung Verantwortlichen betrieben wird und auf \nwelcher eine Facebook-Komponente (Facebook-Plug-In) integriert wurde, \nwird der Internetbrowser auf dem informationstechnologischen System der \nbetroffenen Person automatisch durch die jeweilige Facebook-Komponente \nveranlasst, eine Darstellung der entsprechenden Facebook-Komponente von \nFacebook herunterzuladen. Eine Gesamt\u00fcbersicht \u00fcber alle \nFacebook-Plug-Ins kann unter \nhttps:\/\/developers.facebook.com\/docs\/plugins\/?locale=de_DE abgerufen \nwerden. Im Rahmen dieses technischen Verfahrens erh\u00e4lt Facebook Kenntnis\n dar\u00fcber, welche konkrete Unterseite unserer Internetseite durch die \nbetroffene Person besucht wird.<\/p>\n\n\n\n<p>Sofern die betroffene Person gleichzeitig bei Facebook eingeloggt \nist, erkennt Facebook mit jedem Aufruf unserer Internetseite durch die \nbetroffene Person und w\u00e4hrend der gesamten Dauer des jeweiligen \nAufenthaltes auf unserer Internetseite, welche konkrete Unterseite \nunserer Internetseite die betroffene Person besucht. Diese Informationen\n werden durch die Facebook-Komponente gesammelt und durch Facebook dem \njeweiligen Facebook-Account der betroffenen Person zugeordnet. Bet\u00e4tigt \ndie betroffene Person einen der auf unserer Internetseite integrierten \nFacebook-Buttons, beispielsweise den \u201eGef\u00e4llt mir\u201c-Button, oder gibt die\n betroffene Person einen Kommentar ab, ordnet Facebook diese Information\n dem pers\u00f6nlichen Facebook-Benutzerkonto der betroffenen Person zu und \nspeichert diese personenbezogenen Daten.<\/p>\n\n\n\n<p>Facebook erh\u00e4lt \u00fcber die Facebook-Komponente immer dann eine \nInformation dar\u00fcber, dass die betroffene Person unsere Internetseite \nbesucht hat, wenn die betroffene Person zum Zeitpunkt des Aufrufs \nunserer Internetseite gleichzeitig bei Facebook eingeloggt ist; dies \nfindet unabh\u00e4ngig davon statt, ob die betroffene Person die \nFacebook-Komponente anklickt oder nicht. Ist eine derartige \u00dcbermittlung\n dieser Informationen an Facebook von der betroffenen Person nicht \ngewollt, kann diese die \u00dcbermittlung dadurch verhindern, dass sie sich \nvor einem Aufruf unserer Internetseite aus ihrem Facebook-Account \nausloggt.<\/p>\n\n\n\n<p>Die von Facebook ver\u00f6ffentlichte Datenrichtlinie, die unter \nhttps:\/\/de-de.facebook.com\/about\/privacy\/ abrufbar ist, gibt Aufschluss \n\u00fcber die Erhebung, Verarbeitung und Nutzung personenbezogener Daten \ndurch Facebook. Ferner wird dort erl\u00e4utert, welche \nEinstellungsm\u00f6glichkeiten Facebook zum Schutz der Privatsph\u00e4re der \nbetroffenen Person bietet. Zudem sind unterschiedliche Applikationen \nerh\u00e4ltlich, die es erm\u00f6glichen, eine Daten\u00fcbermittlung an Facebook zu \nunterdr\u00fccken. Solche Applikationen k\u00f6nnen durch die betroffene Person \ngenutzt werden, um eine Daten\u00fcbermittlung an Facebook zu unterdr\u00fccken.<\/p>\n\n\n\n<ol><li><strong> <span style=\"color:#87888a\" class=\"has-inline-color\">Datenschutzbestimmungen zu Einsatz und Verwendung von Google+<\/span><\/strong><\/li><\/ol>\n\n\n\n<p>Der f\u00fcr die Verarbeitung Verantwortliche hat auf dieser Internetseite\n als Komponente die Google+ Schaltfl\u00e4che integriert. Google+ ist ein \nsogenanntes soziales Netzwerk. Ein soziales Netzwerk ist ein im Internet\n betriebener sozialer Treffpunkt, eine Online-Gemeinschaft, die es den \nNutzern in der Regel erm\u00f6glicht, untereinander zu kommunizieren und im \nvirtuellen Raum zu interagieren. Ein soziales Netzwerk kann als \nPlattform zum Austausch von Meinungen und Erfahrungen dienen oder \nerm\u00f6glicht es der Internetgemeinschaft, pers\u00f6nliche oder \nunternehmensbezogene Informationen bereitzustellen. Google+ erm\u00f6glicht \nden Nutzern des sozialen Netzwerkes unter anderem die Erstellung von \nprivaten Profilen, den Upload von Fotos und eine Vernetzung \u00fcber \nFreundschaftsanfragen.<\/p>\n\n\n\n<p>Betreibergesellschaft von Google+ ist die Google Inc., 1600 Amphitheatre Pkwy, Mountain View, CA 94043-1351, USA.<\/p>\n\n\n\n<p>Durch jeden Aufruf einer der Einzelseiten dieser Internetseite, die \ndurch den f\u00fcr die Verarbeitung Verantwortlichen betrieben wird und auf \nwelcher eine Google+ Schaltfl\u00e4che integriert wurde, wird der \nInternetbrowser auf dem informationstechnologischen System der \nbetroffenen Person automatisch durch die jeweilige Google+ Schaltfl\u00e4che \nveranlasst, eine Darstellung der entsprechenden Google+ Schaltfl\u00e4che von\n Google herunterzuladen. Im Rahmen dieses technischen Verfahrens erh\u00e4lt \nGoogle Kenntnis dar\u00fcber, welche konkrete Unterseite unserer \nInternetseite durch die betroffene Person besucht wird. Genauere \nInformationen zu Google+ sind unter https:\/\/developers.google.com\/+\/ \nabrufbar.<\/p>\n\n\n\n<p>Sofern die betroffene Person gleichzeitig bei Google+ eingeloggt ist,\n erkennt Google mit jedem Aufruf unserer Internetseite durch die \nbetroffene Person und w\u00e4hrend der gesamten Dauer des jeweiligen \nAufenthaltes auf unserer Internetseite, welche konkrete Unterseite \nunserer Internetseite die betroffene Person besucht. Diese Informationen\n werden durch die Google+ Schaltfl\u00e4che gesammelt und durch Google dem \njeweiligen Google+-Account der betroffenen Person zugeordnet.<\/p>\n\n\n\n<p>Bet\u00e4tigt die betroffene Person einen der auf unserer Internetseite \nintegrierten Google+-Buttons und gibt damit eine Google+1 Empfehlung ab,\n ordnet Google diese Information dem pers\u00f6nlichen Google+-Benutzerkonto \nder betroffenen Person zu und speichert diese personenbezogenen Daten. \nGoogle speichert die Google+1-Empfehlung der betroffenen Person und \nmacht diese in \u00dcbereinstimmung mit den von der betroffenen Person \ndiesbez\u00fcglich akzeptierten Bedingungen \u00f6ffentlich zug\u00e4nglich. Eine von \nder betroffenen Person auf dieser Internetseite abgegebene \nGoogle+1-Empfehlung wird in der Folge zusammen mit anderen \npersonenbezogenen Daten, wie dem Namen des von der betroffenen Person \ngenutzten Google+1-Accounts und dem in diesem hinterlegten Foto in \nanderen Google-Diensten, beispielsweise den Suchmaschinenergebnissen der\n Google-Suchmaschine, dem Google-Konto der betroffenen Person oder an \nsonstigen Stellen, beispielsweise auf Internetseiten oder im \nZusammenhang mit Werbeanzeigen, gespeichert und verarbeitet. Ferner ist \nGoogle in der Lage, den Besuch auf dieser Internetseite mit anderen bei \nGoogle gespeicherten personenbezogenen Daten zu verkn\u00fcpfen. Google \nzeichnet diese personenbezogenen Informationen ferner mit dem Zweck auf,\n die unterschiedlichen Dienste von Google zu verbessern oder zu \noptimieren.<\/p>\n\n\n\n<p>Google erh\u00e4lt \u00fcber die Google+-Schaltfl\u00e4che immer dann eine \nInformation dar\u00fcber, dass die betroffene Person unsere Internetseite \nbesucht hat, wenn die betroffene Person zum Zeitpunkt des Aufrufs \nunserer Internetseite gleichzeitig bei Google+ eingeloggt ist; dies \nfindet unabh\u00e4ngig davon statt, ob die betroffene Person die \nGoogle+-Schaltfl\u00e4che anklickt oder nicht.<\/p>\n\n\n\n<p>Ist eine \u00dcbermittlung personenbezogener Daten an Google von der \nbetroffenen Person nicht gewollt, kann diese eine solche \u00dcbermittlung \ndadurch verhindern, dass sie sich vor einem Aufruf unserer Internetseite\n aus ihrem Google+-Account ausloggt.<\/p>\n\n\n\n<p>Weitere Informationen und die geltenden Datenschutzbestimmungen von \nGoogle k\u00f6nnen unter https:\/\/www.google.de\/intl\/de\/policies\/privacy\/ \nabgerufen werden. Weitere Hinweise von Google zur Google+1-Schaltfl\u00e4che \nk\u00f6nnen unter https:\/\/developers.google.com\/+\/web\/buttons-policy \nabgerufen werden.<\/p>\n\n\n\n<ol><li><strong> <span style=\"color:#87888a\" class=\"has-inline-color\">Datenschutzbestimmungen zu Einsatz und Verwendung von Instagram<\/span><\/strong><\/li><\/ol>\n\n\n\n<p>Der f\u00fcr die Verarbeitung Verantwortliche hat auf dieser Internetseite\n Komponenten des Dienstes Instagram integriert. Instagram ist ein \nDienst, der als audiovisuelle Plattform zu qualifizieren ist und den \nNutzern das Teilen von Fotos und Videos und zudem eine Weiterverbreitung\n solcher Daten in anderen sozialen Netzwerken erm\u00f6glicht.<\/p>\n\n\n\n<p>Betreibergesellschaft der Dienste von Instagram ist die Instagram \nLLC, 1 Hacker Way, Building 14 First Floor, Menlo Park, CA, USA.<\/p>\n\n\n\n<p>Durch jeden Aufruf einer der Einzelseiten dieser Internetseite, die \ndurch den f\u00fcr die Verarbeitung Verantwortlichen betrieben wird und auf \nwelcher eine Instagram-Komponente (Insta-Button) integriert wurde, wird \nder Internetbrowser auf dem informationstechnologischen System der \nbetroffenen Person automatisch durch die jeweilige Instagram-Komponente \nveranlasst, eine Darstellung der entsprechenden Komponente von Instagram\n herunterzuladen. Im Rahmen dieses technischen Verfahrens erh\u00e4lt \nInstagram Kenntnis dar\u00fcber, welche konkrete Unterseite unserer \nInternetseite durch die betroffene Person besucht wird.<\/p>\n\n\n\n<p>Sofern die betroffene Person gleichzeitig bei Instagram eingeloggt \nist, erkennt Instagram mit jedem Aufruf unserer Internetseite durch die \nbetroffene Person und w\u00e4hrend der gesamten Dauer des jeweiligen \nAufenthaltes auf unserer Internetseite, welche konkrete Unterseite die \nbetroffene Person besucht. Diese Informationen werden durch die \nInstagram-Komponente gesammelt und durch Instagram dem jeweiligen \nInstagram-Account der betroffenen Person zugeordnet. Bet\u00e4tigt die \nbetroffene Person einen der auf unserer Internetseite integrierten \nInstagram-Buttons, werden die damit \u00fcbertragenen Daten und Informationen\n dem pers\u00f6nlichen Instagram-Benutzerkonto der betroffenen Person \nzugeordnet und von Instagram gespeichert und verarbeitet.<\/p>\n\n\n\n<p>Instagram erh\u00e4lt \u00fcber die Instagram-Komponente immer dann eine \nInformation dar\u00fcber, dass die betroffene Person unsere Internetseite \nbesucht hat, wenn die betroffene Person zum Zeitpunkt des Aufrufs \nunserer Internetseite gleichzeitig bei Instagram eingeloggt ist; dies \nfindet unabh\u00e4ngig davon statt, ob die betroffene Person die \nInstagram-Komponente anklickt oder nicht. Ist eine derartige \n\u00dcbermittlung dieser Informationen an Instagram von der betroffenen \nPerson nicht gewollt, kann diese die \u00dcbermittlung dadurch verhindern, \ndass sie sich vor einem Aufruf unserer Internetseite aus ihrem \nInstagram-Account ausloggt.<\/p>\n\n\n\n<p>Weitere Informationen und die geltenden Datenschutzbestimmungen von \nInstagram k\u00f6nnen unter https:\/\/help.instagram.com\/155833707900388 und \nhttps:\/\/www.instagram.com\/about\/legal\/privacy\/ abgerufen werden.<\/p>\n\n\n\n<ol><li><strong> <span style=\"color:#87888a\" class=\"has-inline-color\">Datenschutzbestimmungen zu Einsatz und Verwendung von Jetpack f\u00fcr WordPress<\/span><\/strong><\/li><\/ol>\n\n\n\n<p>Der f\u00fcr die Verarbeitung Verantwortliche hat auf dieser Internetseite\n Jetpack integriert. Jetpack ist ein WordPress-Plug-In, welches dem \nBetreiber einer Internetseite, die auf WordPress aufbaut, zus\u00e4tzliche \nFunktionen bietet. Jetpack gestattet dem Internetseitenbetreiber unter \nanderem eine \u00dcbersicht \u00fcber die Besucher der Seite. Durch die Anzeige \nvon verwandten Beitr\u00e4gen und Publikationen oder die M\u00f6glichkeit, Inhalte\n auf der Seite zu teilen, ist ferner die Steigerung der Besucherzahlen \nm\u00f6glich. Au\u00dferdem sind Sicherheitsfunktionen in Jetpack integriert, \nsodass eine Jetpack nutzende Internetseite besser gegen \nBrute-Force-Attacken gesch\u00fctzt ist. Jetpack optimiert und beschleunigt \nferner das Laden der auf der Internetseite integrierten Bilder.<\/p>\n\n\n\n<p>Betreibergesellschaft des Jetpack-Plug-Ins f\u00fcr WordPress ist die \nAutomattic Inc., 132 Hawthorne Street, San Francisco, CA 94107, USA. Die\n Betreibergesellschaft setzt die Trackingtechnologie der Quantcast Inc.,\n 201 Third Street, San Francisco, CA 94103, USA, ein.<\/p>\n\n\n\n<p>Jetpack setzt ein Cookie auf dem informationstechnologischen System \nder betroffenen Person. Was Cookies sind, wurde oben bereits erl\u00e4utert. \nDurch jeden Aufruf einer der Einzelseiten dieser Internetseite, die \ndurch den f\u00fcr die Verarbeitung Verantwortlichen betrieben wird und auf \nwelcher eine Jetpack-Komponente integriert wurde, wird der \nInternetbrowser auf dem informationstechnologischen System der \nbetroffenen Person automatisch durch die jeweilige Jetpack-Komponente \nveranlasst, Daten zur Analysezwecken an Automattic zu \u00fcbermitteln. Im \nRahmen dieses technischen Verfahrens erh\u00e4lt Automattic Kenntnis \u00fcber \nDaten, die in der Folge zur Erstellung einer \u00dcbersicht der \nInternetseiten-Besuche verwendet werden. Die so gewonnenen Daten dienen \nder Analyse des Verhaltens der betroffenen Person, welche auf die \nInternetseite des f\u00fcr die Verarbeitung Verantwortlichen zugegriffen hat \nund werden mit dem Ziel, die Internetseite zu optimieren, ausgewertet. \nDie \u00fcber die Jetpack-Komponente erhobenen Daten werden nicht ohne eine \nvorherige Einholung einer gesonderten ausdr\u00fccklichen Einwilligung der \nbetroffenen Person dazu genutzt, die betroffene Person zu \nidentifizieren. Die Daten gelangen ferner Quantcast zur Kenntnis. \nQuantcast nutzt die Daten zu den gleichen Zwecken wie Automattic.<\/p>\n\n\n\n<p>Die betroffene Person kann die Setzung von Cookies durch unsere \nInternetseite, wie oben bereits dargestellt, jederzeit mittels einer \nentsprechenden Einstellung des genutzten Internetbrowsers verhindern und\n damit der Setzung von Cookies dauerhaft widersprechen. Eine solche \nEinstellung des genutzten Internetbrowsers w\u00fcrde auch verhindern, dass \nAutomattic\/Quantcast ein Cookie auf dem informationstechnologischen \nSystem der betroffenen Person setzt. Zudem k\u00f6nnen von Automattic bereits\n gesetzte Cookies jederzeit \u00fcber den Internetbrowser oder andere \nSoftwareprogramme gel\u00f6scht werden.<\/p>\n\n\n\n<p>Ferner besteht f\u00fcr die betroffene Person die M\u00f6glichkeit, einer \nErfassung der durch das Jetpack-Cookie erzeugten, auf eine Nutzung \ndieser Internetseite bezogenen Daten sowie der Verarbeitung dieser Daten\n durch Automattic\/Quantcast zu widersprechen und eine solche zu \nverhindern. Hierzu muss die betroffene Person den Opt-Out-Button unter \ndem Link https:\/\/www.quantcast.com\/opt-out\/ dr\u00fccken, der einen \nOpt-Out-Cookie setzt. Der mit dem Widerspruch gesetzte Opt-Out-Cookie \nwird auf dem von der betroffenen Person genutzten \ninformationstechnologischen System abgelegt. Werden die Cookies auf dem \nSystem der betroffenen Person nach einem Widerspruch gel\u00f6scht, muss die \nbetroffene Person den Link erneut aufrufen und einen neuen \nOpt-Out-Cookie setzen.<\/p>\n\n\n\n<p>Mit der Setzung des Opt-Out-Cookies besteht jedoch die M\u00f6glichkeit, \ndass die Internetseiten des f\u00fcr die Verarbeitung Verantwortlichen f\u00fcr \ndie betroffene Person nicht mehr vollumf\u00e4nglich nutzbar sind.<\/p>\n\n\n\n<p>Die geltenden Datenschutzbestimmungen von Automattic sind unter \nhttps:\/\/automattic.com\/privacy\/ abrufbar. Die geltenden \nDatenschutzbestimmungen von Quantcast sind unter \nhttps:\/\/www.quantcast.com\/privacy\/ abrufbar.<\/p>\n\n\n\n<ol><li><strong> <span style=\"color:#87888a\" class=\"has-inline-color\">Datenschutzbestimmungen zu Einsatz und Verwendung von Pinterest<\/span><\/strong><\/li><\/ol>\n\n\n\n<p>Der f\u00fcr die Verarbeitung Verantwortliche hat auf dieser Internetseite\n Komponenten der Pinterest Inc. integriert. Pinterest ist ein \nsogenanntes soziales Netzwerk. Ein soziales Netzwerk ist ein im Internet\n betriebener sozialer Treffpunkt, eine Online-Gemeinschaft, die es den \nNutzern in der Regel erm\u00f6glicht, untereinander zu kommunizieren und im \nvirtuellen Raum zu interagieren. Ein soziales Netzwerk kann als \nPlattform zum Austausch von Meinungen und Erfahrungen dienen oder \nerm\u00f6glicht es der Internetgemeinschaft, pers\u00f6nliche oder \nunternehmensbezogene Informationen bereitzustellen. Pinterest erm\u00f6glicht\n den Nutzern des sozialen Netzwerkes unter anderem, Bilderkollektionen \nund Einzelbilder sowie Beschreibungen an virtuellen Pinnw\u00e4nden zu \nver\u00f6ffentlichen (sogenanntes pinnen), welche dann wiederum von anderen \nNutzern geteilt (sogenanntes repinnen) oder kommentiert werden k\u00f6nnen.<\/p>\n\n\n\n<p>Betreibergesellschaft von Pinterest ist die Pinterest Inc., 808 Brannan Street, San Francisco, CA 94103, USA.<\/p>\n\n\n\n<p>Durch jeden Aufruf einer der Einzelseiten dieser Internetseite, die \ndurch den f\u00fcr die Verarbeitung Verantwortlichen betrieben wird und auf \nwelcher eine Pinterest-Komponente (Pinterest-Plug-In) integriert wurde, \nwird der Internetbrowser auf dem informationstechnologischen System der \nbetroffenen Person automatisch durch die jeweilige Pinterest-Komponente \nveranlasst, eine Darstellung der entsprechenden Pinterest-Komponente von\n Pinterest herunterzuladen. Mehr Informationen zu Pinterest sind unter \nhttps:\/\/pinterest.com\/ abrufbar. Im Rahmen dieses technischen Verfahrens\n erh\u00e4lt Pinterest Kenntnis dar\u00fcber, welche konkrete Unterseite unserer \nInternetseite durch die betroffene Person besucht wird.<\/p>\n\n\n\n<p>Sofern die betroffene Person gleichzeitig bei Pinterest eingeloggt \nist, erkennt Pinterest mit jedem Aufruf unserer Internetseite durch die \nbetroffene Person und w\u00e4hrend der gesamten Dauer des jeweiligen \nAufenthaltes auf unserer Internetseite, welche konkrete Unterseite \nunserer Internetseite die betroffene Person besucht. Diese Informationen\n werden durch die Pinterest-Komponente gesammelt und durch Pinterest dem\n jeweiligen Pinterest-Account der betroffenen Person zugeordnet. \nBet\u00e4tigt die betroffene Person einen auf unserer Internetseite \nintegrierten Pinterest-Button, ordnet Pinterest diese Information dem \npers\u00f6nlichen Pinterest-Benutzerkonto der betroffenen Person zu und \nspeichert diese personenbezogenen Daten.<\/p>\n\n\n\n<p>Pinterest erh\u00e4lt \u00fcber die Pinterest-Komponente immer dann eine \nInformation dar\u00fcber, dass die betroffene Person unsere Internetseite \nbesucht hat, wenn die betroffene Person zum Zeitpunkt des Aufrufs \nunserer Internetseite gleichzeitig bei Pinterest eingeloggt ist; dies \nfindet unabh\u00e4ngig davon statt, ob die betroffene Person die \nPinterest-Komponente anklickt oder nicht. Ist eine derartige \n\u00dcbermittlung dieser Informationen an Pinterest von der betroffenen \nPerson nicht gewollt, kann diese die \u00dcbermittlung dadurch verhindern, \ndass sie sich vor einem Aufruf unserer Internetseite aus ihrem \nPinterest-Account ausloggt.<\/p>\n\n\n\n<p>Die von Pinterest ver\u00f6ffentlichte Datenschutzrichtlinie, die unter \nhttps:\/\/about.pinterest.com\/privacy-policy abrufbar ist, gibt Aufschluss\n \u00fcber die Erhebung, Verarbeitung und Nutzung personenbezogener Daten \ndurch Pinterest.<\/p>\n\n\n\n<ol><li><strong> <span style=\"color:#87888a\" class=\"has-inline-color\">Datenschutzbestimmungen zu Einsatz und Verwendung von Twitter<\/span><\/strong><\/li><\/ol>\n\n\n\n<p>Der f\u00fcr die Verarbeitung Verantwortliche hat auf dieser Internetseite\n Komponenten von Twitter integriert. Twitter ist ein multilingualer \n\u00f6ffentlich zug\u00e4nglicher Mikroblogging-Dienst, auf welchem die Nutzer \nsogenannte Tweets, also Kurznachrichten, die auf 140 Zeichen begrenzt \nsind, ver\u00f6ffentlichen und verbreiten k\u00f6nnen. Diese Kurznachrichten sind \nf\u00fcr jedermann, also auch f\u00fcr nicht bei Twitter angemeldete Personen \nabrufbar. Die Tweets werden aber auch den sogenannten Followern des \njeweiligen Nutzers angezeigt. Follower sind andere Twitter-Nutzer, die \nden Tweets eines Nutzers folgen. Ferner erm\u00f6glicht Twitter \u00fcber \nHashtags, Verlinkungen oder Retweets die Ansprache eines breiten \nPublikums.<\/p>\n\n\n\n<p>Betreibergesellschaft von Twitter ist die Twitter, Inc., 1355 Market Street, Suite 900, San Francisco, CA 94103, USA.<\/p>\n\n\n\n<p>Durch jeden Aufruf einer der Einzelseiten dieser Internetseite, die \ndurch den f\u00fcr die Verarbeitung Verantwortlichen betrieben wird und auf \nwelcher eine Twitter-Komponente (Twitter-Button) integriert wurde, wird \nder Internetbrowser auf dem informationstechnologischen System der \nbetroffenen Person automatisch durch die jeweilige Twitter-Komponente \nveranlasst, eine Darstellung der entsprechenden Twitter-Komponente von \nTwitter herunterzuladen. Weitere Informationen zu den Twitter-Buttons \nsind unter https:\/\/about.twitter.com\/de\/resources\/buttons abrufbar. Im \nRahmen dieses technischen Verfahrens erh\u00e4lt Twitter Kenntnis dar\u00fcber, \nwelche konkrete Unterseite unserer Internetseite durch die betroffene \nPerson besucht wird. Zweck der Integration der Twitter-Komponente ist \nes, unseren Nutzern eine Weiterverbreitung der Inhalte diese \nInternetseite zu erm\u00f6glichen, diese Internetseite in der digitalen Welt \nbekannt zu machen und unsere Besucherzahlen zu erh\u00f6hen.<\/p>\n\n\n\n<p>Sofern die betroffene Person gleichzeitig bei Twitter eingeloggt ist,\n erkennt Twitter mit jedem Aufruf unserer Internetseite durch die \nbetroffene Person und w\u00e4hrend der gesamten Dauer des jeweiligen \nAufenthaltes auf unserer Internetseite, welche konkrete Unterseite \nunserer Internetseite die betroffene Person besucht. Diese Informationen\n werden durch die Twitter-Komponente gesammelt und durch Twitter dem \njeweiligen Twitter-Account der betroffenen Person zugeordnet. Bet\u00e4tigt \ndie betroffene Person einen der auf unserer Internetseite integrierten \nTwitter-Buttons, werden die damit \u00fcbertragenen Daten und Informationen \ndem pers\u00f6nlichen Twitter-Benutzerkonto der betroffenen Person zugeordnet\n und von Twitter gespeichert und verarbeitet.<\/p>\n\n\n\n<p>Twitter erh\u00e4lt \u00fcber die Twitter-Komponente immer dann eine \nInformation dar\u00fcber, dass die betroffene Person unsere Internetseite \nbesucht hat, wenn die betroffene Person zum Zeitpunkt des Aufrufs \nunserer Internetseite gleichzeitig bei Twitter eingeloggt ist; dies \nfindet unabh\u00e4ngig davon statt, ob die betroffene Person die \nTwitter-Komponente anklickt oder nicht. Ist eine derartige \u00dcbermittlung \ndieser Informationen an Twitter von der betroffenen Person nicht \ngewollt, kann diese die \u00dcbermittlung dadurch verhindern, dass sie sich \nvor einem Aufruf unserer Internetseite aus ihrem Twitter-Account \nausloggt.<\/p>\n\n\n\n<p>Die geltenden Datenschutzbestimmungen von Twitter sind unter https:\/\/twitter.com\/privacy?lang=de abrufbar.<\/p>\n\n\n\n<ol><li><strong><span style=\"color:#87888a\" class=\"has-inline-color\"> Datenschutzbestimmungen zu Einsatz und Verwendung von Xing<\/span><\/strong><\/li><\/ol>\n\n\n\n<p>Der f\u00fcr die Verarbeitung Verantwortliche hat auf dieser Internetseite\n Komponenten von Xing integriert. Xing ist ein Internetbasiertes \nsoziales Netzwerk, das die Konnektierung der Nutzer mit bestehenden \nGesch\u00e4ftskontakten sowie das Kn\u00fcpfen von neuen Businesskontakten \nerm\u00f6glicht. Die einzelnen Nutzer k\u00f6nnen bei Xing ein pers\u00f6nliches Profil\n von sich anlegen. Unternehmen k\u00f6nnen beispielsweise Unternehmensprofile\n erstellen oder Stellenangebote auf Xing ver\u00f6ffentlichen.<\/p>\n\n\n\n<p>Betreibergesellschaft von Xing ist die XING SE, Dammtorstra\u00dfe 30, 20354 Hamburg, Deutschland.<\/p>\n\n\n\n<p>Durch jeden Aufruf einer der Einzelseiten dieser Internetseite, die \ndurch den f\u00fcr die Verarbeitung Verantwortlichen betrieben wird und auf \nwelcher eine Xing-Komponente (Xing-Plug-In) integriert wurde, wird der \nInternetbrowser auf dem informationstechnologischen System der \nbetroffenen Person automatisch durch die jeweilige Xing-Komponente \nveranlasst, eine Darstellung der entsprechenden Xing-Komponente von Xing\n herunterzuladen. Weitere Informationen zum den Xing-Plug-Ins k\u00f6nnen \nunter https:\/\/dev.xing.com\/plugins abgerufen werden. Im Rahmen dieses \ntechnischen Verfahrens erh\u00e4lt Xing Kenntnis dar\u00fcber, welche konkrete \nUnterseite unserer Internetseite durch die betroffene Person besucht \nwird.<\/p>\n\n\n\n<p>Sofern die betroffene Person gleichzeitig bei Xing eingeloggt ist, \nerkennt Xing mit jedem Aufruf unserer Internetseite durch die betroffene\n Person und w\u00e4hrend der gesamten Dauer des jeweiligen Aufenthaltes auf \nunserer Internetseite, welche konkrete Unterseite unserer Internetseite \ndie betroffene Person besucht. Diese Informationen werden durch die \nXing-Komponente gesammelt und durch Xing dem jeweiligen Xing-Account der\n betroffenen Person zugeordnet. Bet\u00e4tigt die betroffene Person einen der\n auf unserer Internetseite integrierten Xing-Buttons, beispielsweise den\n \u201eShare\u201c-Button, ordnet Xing diese Information dem pers\u00f6nlichen \nXing-Benutzerkonto der betroffenen Person zu und speichert diese \npersonenbezogenen Daten.<\/p>\n\n\n\n<p>Xing erh\u00e4lt \u00fcber die Xing-Komponente immer dann eine Information \ndar\u00fcber, dass die betroffene Person unsere Internetseite besucht hat, \nwenn die betroffene Person zum Zeitpunkt des Aufrufs unserer \nInternetseite gleichzeitig bei Xing eingeloggt ist; dies findet \nunabh\u00e4ngig davon statt, ob die betroffene Person die Xing-Komponente \nanklickt oder nicht. Ist eine derartige \u00dcbermittlung dieser \nInformationen an Xing von der betroffenen Person nicht gewollt, kann \ndiese die \u00dcbermittlung dadurch verhindern, dass sie sich vor einem \nAufruf unserer Internetseite aus ihrem Xing-Account ausloggt.<\/p>\n\n\n\n<p>Die von Xing ver\u00f6ffentlichten Datenschutzbestimmungen, die unter \nhttps:\/\/www.xing.com\/privacy abrufbar sind, geben Aufschluss \u00fcber die \nErhebung, Verarbeitung und Nutzung personenbezogener Daten durch Xing. \nFerner hat Xing unter https:\/\/www.xing.com\/app\/share?op=data_protection \nDatenschutzhinweise f\u00fcr den XING-Share-Button ver\u00f6ffentlicht.<\/p>\n\n\n\n<ol><li><strong> <span style=\"color:#87888a\" class=\"has-inline-color\">Rechtsgrundlage der Verarbeitung<\/span><\/strong><\/li><\/ol>\n\n\n\n<p>Art. 6 I lit. a DS-GVO dient unserem Unternehmen als Rechtsgrundlage \nf\u00fcr Verarbeitungsvorg\u00e4nge, bei denen wir eine Einwilligung f\u00fcr einen \nbestimmten Verarbeitungszweck einholen. Ist die Verarbeitung \npersonenbezogener Daten zur Erf\u00fcllung eines Vertrags, dessen \nVertragspartei die betroffene Person ist, erforderlich, wie dies \nbeispielsweise bei Verarbeitungsvorg\u00e4ngen der Fall ist, die f\u00fcr eine \nLieferung von Waren oder die Erbringung einer sonstigen Leistung oder \nGegenleistung notwendig sind, so beruht die Verarbeitung auf Art. 6 I \nlit. b DS-GVO. Gleiches gilt f\u00fcr solche Verarbeitungsvorg\u00e4nge die zur \nDurchf\u00fchrung vorvertraglicher Ma\u00dfnahmen erforderlich sind, etwa in \nF\u00e4llen von Anfragen zur unseren Produkten oder Leistungen. Unterliegt \nunser Unternehmen einer rechtlichen Verpflichtung durch welche eine \nVerarbeitung von personenbezogenen Daten erforderlich wird, wie \nbeispielsweise zur Erf\u00fcllung steuerlicher Pflichten, so basiert die \nVerarbeitung auf Art. 6 I lit. c DS-GVO. In seltenen F\u00e4llen k\u00f6nnte die \nVerarbeitung von personenbezogenen Daten erforderlich werden, um \nlebenswichtige Interessen der betroffenen Person oder einer anderen \nnat\u00fcrlichen Person zu sch\u00fctzen. Dies w\u00e4re beispielsweise der Fall, wenn \nein Besucher in unserem Betrieb verletzt werden w\u00fcrde und daraufhin sein\n Name, sein Alter, seine Krankenkassendaten oder sonstige lebenswichtige\n Informationen an einen Arzt, ein Krankenhaus oder sonstige Dritte \nweitergegeben werden m\u00fcssten. Dann w\u00fcrde die Verarbeitung auf Art. 6 I \nlit. d DS-GVO beruhen. Letztlich k\u00f6nnten Verarbeitungsvorg\u00e4nge auf Art. 6\n I lit. f DS-GVO beruhen. Auf dieser Rechtsgrundlage basieren \nVerarbeitungsvorg\u00e4nge, die von keiner der vorgenannten Rechtsgrundlagen \nerfasst werden, wenn die Verarbeitung zur Wahrung eines berechtigten \nInteresses unseres Unternehmens oder eines Dritten erforderlich ist, \nsofern die Interessen, Grundrechte und Grundfreiheiten des Betroffenen \nnicht \u00fcberwiegen. Solche Verarbeitungsvorg\u00e4nge sind uns insbesondere \ndeshalb gestattet, weil sie durch den Europ\u00e4ischen Gesetzgeber besonders\n erw\u00e4hnt wurden. Er vertrat insoweit die Auffassung, dass ein \nberechtigtes Interesse anzunehmen sein k\u00f6nnte, wenn die betroffene \nPerson ein Kunde des Verantwortlichen ist (Erw\u00e4gungsgrund 47 Satz 2 \nDS-GVO).<\/p>\n\n\n\n<ol><li><strong><span style=\"color:#87888a\" class=\"has-inline-color\"> Berechtigte Interessen an der Verarbeitung, die von dem Verantwortlichen oder einem Dritten verfolgt werden<\/span><\/strong><\/li><\/ol>\n\n\n\n<p>Basiert die Verarbeitung personenbezogener Daten auf Artikel 6 I lit.\n f DS-GVO ist unser berechtigtes Interesse die Durchf\u00fchrung unserer \nGesch\u00e4ftst\u00e4tigkeit zugunsten des Wohlergehens all unserer Mitarbeiter \nund unserer Anteilseigner.<\/p>\n\n\n\n<ol><li><strong> <span style=\"color:#87888a\" class=\"has-inline-color\">Dauer, f\u00fcr die die personenbezogenen Daten gespeichert werden<\/span><\/strong><\/li><\/ol>\n\n\n\n<p>Das Kriterium f\u00fcr die Dauer der Speicherung von personenbezogenen \nDaten ist die jeweilige gesetzliche Aufbewahrungsfrist. Nach Ablauf der \nFrist werden die entsprechenden Daten routinem\u00e4\u00dfig gel\u00f6scht, sofern sie \nnicht mehr zur Vertragserf\u00fcllung oder Vertragsanbahnung erforderlich \nsind.<\/p>\n\n\n\n<ol><li><strong> <span style=\"color:#87888a\" class=\"has-inline-color\">Gesetzliche oder vertragliche Vorschriften zur  Bereitstellung der personenbezogenen Daten; Erforderlichkeit f\u00fcr den  Vertragsabschluss; Verpflichtung der betroffenen Person, die  personenbezogenen Daten bereitzustellen; m\u00f6gliche Folgen der  Nichtbereitstellung<\/span><\/strong><\/li><\/ol>\n\n\n\n<p>Wir kl\u00e4ren Sie dar\u00fcber auf, dass die Bereitstellung personenbezogener\n Daten zum Teil gesetzlich vorgeschrieben ist (z.B. Steuervorschriften) \noder sich auch aus vertraglichen Regelungen (z.B. Angaben zum \nVertragspartner) ergeben kann. Mitunter kann es zu einem Vertragsschluss\n erforderlich sein, dass eine betroffene Person uns personenbezogene \nDaten zur Verf\u00fcgung stellt, die in der Folge durch uns verarbeitet \nwerden m\u00fcssen. Die betroffene Person ist beispielsweise verpflichtet uns\n personenbezogene Daten bereitzustellen, wenn unser Unternehmen mit ihr \neinen Vertrag abschlie\u00dft. Eine Nichtbereitstellung der personenbezogenen\n Daten h\u00e4tte zur Folge, dass der Vertrag mit dem Betroffenen nicht \ngeschlossen werden k\u00f6nnte. Vor einer Bereitstellung personenbezogener \nDaten durch den Betroffenen muss sich der Betroffene an einen unserer \nMitarbeiter wenden. Unser Mitarbeiter kl\u00e4rt den Betroffenen \neinzelfallbezogen dar\u00fcber auf, ob die Bereitstellung der \npersonenbezogenen Daten gesetzlich oder vertraglich vorgeschrieben oder \nf\u00fcr den Vertragsabschluss erforderlich ist, ob eine Verpflichtung \nbesteht, die personenbezogenen Daten bereitzustellen, und welche Folgen \ndie Nichtbereitstellung der personenbezogenen Daten h\u00e4tte.<\/p>\n\n\n\n<ol><li><strong><span style=\"color:#87888a\" class=\"has-inline-color\"> Bestehen einer automatisierten Entscheidungsfindung<\/span><\/strong><\/li><\/ol>\n\n\n\n<p>Als verantwortungsbewusstes Unternehmen verzichten wir auf eine automatische Entscheidungsfindung oder ein Profiling.<\/p>\n\n\n\n<p>Diese Datenschutzerkl\u00e4rung wurde durch den Datenschutzerkl\u00e4rungs-Generator von den <a href=\"https:\/\/dg-datenschutz.de\/\">Datenschutzbeauftragter Kiel<\/a> in Kooperation mit der RC GmbH, die <a href=\"http:\/\/remarketing.company\/\">gebrauchte Notebooks<\/a> wiederverwertet und den <a href=\"https:\/\/www.wbs-law.de\/abmahnung-filesharing\/\">Filesharing Rechtsanw\u00e4lten<\/a> von WBS-LAW erstellt.<\/p>\n","protected":false},"excerpt":{"rendered":"<p>Datenschutzerkl\u00e4rung Wir freuen uns sehr \u00fcber Ihr Interesse an unserem Unternehmen. Datenschutz hat einen besonders hohen Stellenwert f\u00fcr die Gesch\u00e4ftsleitung der Denecke Consulting. Eine Nutzung der Internetseiten der Denecke Consulting ist grunds\u00e4tzlich ohne jede Angabe personenbezogener Daten m\u00f6glich. Sofern eine betroffene Person besondere Services unseres Unternehmens \u00fcber unsere Internetseite in&#8230;<\/p>\n","protected":false},"author":1,"featured_media":0,"parent":0,"menu_order":0,"comment_status":"closed","ping_status":"closed","template":"","meta":[],"_links":{"self":[{"href":"http:\/\/denecke-consulting.de\/index.php?rest_route=\/wp\/v2\/pages\/28"}],"collection":[{"href":"http:\/\/denecke-consulting.de\/index.php?rest_route=\/wp\/v2\/pages"}],"about":[{"href":"http:\/\/denecke-consulting.de\/index.php?rest_route=\/wp\/v2\/types\/page"}],"author":[{"embeddable":true,"href":"http:\/\/denecke-consulting.de\/index.php?rest_route=\/wp\/v2\/users\/1"}],"replies":[{"embeddable":true,"href":"http:\/\/denecke-consulting.de\/index.php?rest_route=%2Fwp%2Fv2%2Fcomments&post=28"}],"version-history":[{"count":3,"href":"http:\/\/denecke-consulting.de\/index.php?rest_route=\/wp\/v2\/pages\/28\/revisions"}],"predecessor-version":[{"id":212,"href":"http:\/\/denecke-consulting.de\/index.php?rest_route=\/wp\/v2\/pages\/28\/revisions\/212"}],"wp:attachment":[{"href":"http:\/\/denecke-consulting.de\/index.php?rest_route=%2Fwp%2Fv2%2Fmedia&parent=28"}],"curies":[{"name":"wp","href":"https:\/\/api.w.org\/{rel}","templated":true}]}}